{"id":3205,"date":"2013-10-13T22:33:13","date_gmt":"2013-10-13T20:33:13","guid":{"rendered":"https:\/\/cnz.to\/vf\/?page_id=3205"},"modified":"2017-09-29T15:56:05","modified_gmt":"2017-09-29T13:56:05","slug":"merci","status":"publish","type":"page","link":"https:\/\/cnz.to\/vf\/contact\/merci\/","title":{"rendered":"Merci"},"content":{"rendered":"<p>Votre message a bien \u00e9t\u00e9 envoy\u00e9.<\/p>\n<p>En remerciement pour votre message, puis-je vous offrir mon <a href=\"#\" class=\"manual-optin-trigger\" data-optin-slug=\"angdc1a3u1qjahcd\">calendrier des fruits et des l\u00e9gumes<\/a> de saison ? Indispensable pour savoir quoi acheter quand, et combien de temps \u00e7a se garde.<\/p>\n<p>Pour le recevoir, il vous suffit de cliquer ci-dessous :<\/p>\n\n\t\t<h2>Derniers billets<\/h2>\n\t\t<div class=\"relwrap\">\n\t\t\t<div class=\"relprev\"><\/div>\n\t\t\t<div class=\"relnext\"><\/div>\n\t\t\t<div class=\"relmid\">\n\t\t\t\t<div class=\"iosslider\">\n\t\t\t\t\t<div class=\"slider\">\n\t\t\t\t\t\t\t\t\t\t\t\t<div class=\"slide\"><a href=\"https:\/\/cnz.to\/vf\/recettes\/viandes\/pot-au-feu-de-printemps-recette\/\"><img width=\"300\" height=\"200\" src=\"https:\/\/cnz.to\/vf\/wp-content\/uploads\/2013\/05\/springtimepotaufeu-300x200.jpg\" class=\"attachment-post-thumbnail size-post-thumbnail wp-post-image\" alt=\"Pot-au-feu de printemps\" loading=\"lazy\" srcset=\"https:\/\/cnz.to\/vf\/wp-content\/uploads\/2013\/05\/springtimepotaufeu-300x200.jpg 300w, https:\/\/cnz.to\/vf\/wp-content\/uploads\/2013\/05\/springtimepotaufeu-355x237.jpg 355w, https:\/\/cnz.to\/vf\/wp-content\/uploads\/2013\/05\/springtimepotaufeu.jpg 760w\" sizes=\"(max-width: 300px) 100vw, 300px\" \/><span class=\"overlay\"><span class=\"overlay-a\">Pot-au-feu de printemps<\/span><\/span><\/a><\/div>\n\t\t\t\t\t\t\t\t\t\t\t\t<div class=\"slide\"><a href=\"https:\/\/cnz.to\/vf\/recettes\/legumes-et-cereales\/riz-pilaf-betterave-epices-recette\/\"><img width=\"300\" height=\"200\" src=\"https:\/\/cnz.to\/vf\/wp-content\/uploads\/2016\/02\/beet_pilau-3-300x200.jpg\" class=\"attachment-post-thumbnail size-post-thumbnail wp-post-image\" alt=\"Riz pilaf aux \u00e9pices et \u00e0 la betterave\" loading=\"lazy\" srcset=\"https:\/\/cnz.to\/vf\/wp-content\/uploads\/2016\/02\/beet_pilau-3-300x200.jpg 300w, https:\/\/cnz.to\/vf\/wp-content\/uploads\/2016\/02\/beet_pilau-3.jpg 760w, https:\/\/cnz.to\/vf\/wp-content\/uploads\/2016\/02\/beet_pilau-3-355x237.jpg 355w, https:\/\/cnz.to\/vf\/wp-content\/uploads\/2016\/02\/beet_pilau-3-600x400.jpg 600w\" sizes=\"(max-width: 300px) 100vw, 300px\" \/><span class=\"overlay\"><span class=\"overlay-a\">Riz pilaf aux \u00e9pices et \u00e0 la betterave<\/span><\/span><\/a><\/div>\n\t\t\t\t\t\t\t\t\t\t\t\t<div class=\"slide\"><a href=\"https:\/\/cnz.to\/vf\/recettes\/tartes-et-gateaux\/quatre-quarts-sarrasin-chocolat-recette\/\"><img width=\"300\" height=\"200\" src=\"https:\/\/cnz.to\/vf\/wp-content\/uploads\/2017\/05\/chocolate_buckwheat_pound_cake_birdseye_h-300x200.jpg\" class=\"attachment-post-thumbnail size-post-thumbnail wp-post-image\" alt=\"Quatre-quarts sarrasin et chocolat\" loading=\"lazy\" srcset=\"https:\/\/cnz.to\/vf\/wp-content\/uploads\/2017\/05\/chocolate_buckwheat_pound_cake_birdseye_h-300x200.jpg 300w, https:\/\/cnz.to\/vf\/wp-content\/uploads\/2017\/05\/chocolate_buckwheat_pound_cake_birdseye_h-355x237.jpg 355w, https:\/\/cnz.to\/vf\/wp-content\/uploads\/2017\/05\/chocolate_buckwheat_pound_cake_birdseye_h-600x400.jpg 600w\" sizes=\"(max-width: 300px) 100vw, 300px\" \/><span class=\"overlay\"><span class=\"overlay-a\">Quatre-quarts sarrasin et chocolat<\/span><\/span><\/a><\/div>\n\t\t\t\t\t\t\t\t\t\t\t\t<div class=\"slide\"><a href=\"https:\/\/cnz.to\/vf\/recettes\/legumes-et-cereales\/curry-de-legumes-dhiver-recette\/\"><img width=\"300\" height=\"200\" src=\"https:\/\/cnz.to\/vf\/wp-content\/uploads\/2013\/02\/winter-vegetable-curry-4-300x200.jpg\" class=\"attachment-post-thumbnail size-post-thumbnail wp-post-image\" alt=\"Curry de l\u008e\u00e9gumes d&#039;hiver\" loading=\"lazy\" srcset=\"https:\/\/cnz.to\/vf\/wp-content\/uploads\/2013\/02\/winter-vegetable-curry-4-300x200.jpg 300w, https:\/\/cnz.to\/vf\/wp-content\/uploads\/2013\/02\/winter-vegetable-curry-4.jpg 760w, https:\/\/cnz.to\/vf\/wp-content\/uploads\/2013\/02\/winter-vegetable-curry-4-355x237.jpg 355w, https:\/\/cnz.to\/vf\/wp-content\/uploads\/2013\/02\/winter-vegetable-curry-4-600x400.jpg 600w\" sizes=\"(max-width: 300px) 100vw, 300px\" \/><span class=\"overlay\"><span class=\"overlay-a\">Curry de l\u00e9gumes d&rsquo;hiver<\/span><\/span><\/a><\/div>\n\t\t\t\t\t\t\t\t\t\t\t\t<div class=\"slide\"><a href=\"https:\/\/cnz.to\/vf\/recettes\/tartes-et-gateaux\/galette-des-rois-recette\/\"><img width=\"300\" height=\"200\" src=\"https:\/\/cnz.to\/vf\/wp-content\/uploads\/2010\/01\/galette-9-300x200.jpg\" class=\"attachment-post-thumbnail size-post-thumbnail wp-post-image\" alt=\"\" loading=\"lazy\" srcset=\"https:\/\/cnz.to\/vf\/wp-content\/uploads\/2010\/01\/galette-9-300x200.jpg 300w, https:\/\/cnz.to\/vf\/wp-content\/uploads\/2010\/01\/galette-9-355x237.jpg 355w, https:\/\/cnz.to\/vf\/wp-content\/uploads\/2010\/01\/galette-9-505x400.jpg 600w\" sizes=\"(max-width: 300px) 100vw, 300px\" \/><span class=\"overlay\"><span class=\"overlay-a\">Galette des rois<\/span><\/span><\/a><\/div>\n\t\t\t\t\t\t\t\t\t\t\t\t<div class=\"slide\"><a href=\"https:\/\/cnz.to\/vf\/recettes\/amuse-bouche\/amandes-grillees-au-cumin-et-piment-chipotle-recette\/\"><img width=\"300\" height=\"200\" src=\"https:\/\/cnz.to\/vf\/wp-content\/uploads\/2013\/12\/saltedchilialmonds-300x200.jpg\" class=\"attachment-post-thumbnail size-post-thumbnail wp-post-image\" alt=\"\" loading=\"lazy\" srcset=\"https:\/\/cnz.to\/vf\/wp-content\/uploads\/2013\/12\/saltedchilialmonds-300x200.jpg 300w, https:\/\/cnz.to\/vf\/wp-content\/uploads\/2013\/12\/saltedchilialmonds-355x237.jpg 355w, https:\/\/cnz.to\/vf\/wp-content\/uploads\/2013\/12\/saltedchilialmonds.jpg 760w\" sizes=\"(max-width: 300px) 100vw, 300px\" \/><span class=\"overlay\"><span class=\"overlay-a\">Amandes grill\u00e9es au cumin et piment chipotle<\/span><\/span><\/a><\/div>\n\t\t\t\t\t\t\t\t\t\t\t\t<div class=\"slide\"><a href=\"https:\/\/cnz.to\/vf\/recettes\/autres-recettes\/meilleures-recettes-fetes\/\"><img width=\"300\" height=\"200\" src=\"https:\/\/cnz.to\/vf\/wp-content\/uploads\/2016\/12\/french_holiday_meals_vf-300x200.jpg\" class=\"attachment-post-thumbnail size-post-thumbnail wp-post-image\" alt=\"\" loading=\"lazy\" srcset=\"https:\/\/cnz.to\/vf\/wp-content\/uploads\/2016\/12\/french_holiday_meals_vf-300x200.jpg 300w, https:\/\/cnz.to\/vf\/wp-content\/uploads\/2016\/12\/french_holiday_meals_vf-355x237.jpg 355w, https:\/\/cnz.to\/vf\/wp-content\/uploads\/2016\/12\/french_holiday_meals_vf-600x400.jpg 600w\" sizes=\"(max-width: 300px) 100vw, 300px\" \/><span class=\"overlay\"><span class=\"overlay-a\">Mes Meilleures Recettes pour les f\u00eates<\/span><\/span><\/a><\/div>\n\t\t\t\t\t\t\t\t\t\t\t\t<div class=\"slide\"><a href=\"https:\/\/cnz.to\/vf\/recettes\/biscuits-et-petits-gateaux\/biscuits-de-noel-recette\/\"><img width=\"300\" height=\"200\" src=\"https:\/\/cnz.to\/vf\/wp-content\/uploads\/2010\/12\/sablesnoel-300x200.jpg\" class=\"attachment-post-thumbnail size-post-thumbnail wp-post-image\" alt=\"\" loading=\"lazy\" srcset=\"https:\/\/cnz.to\/vf\/wp-content\/uploads\/2010\/12\/sablesnoel-300x200.jpg 300w, https:\/\/cnz.to\/vf\/wp-content\/uploads\/2010\/12\/sablesnoel-355x237.jpg 355w, https:\/\/cnz.to\/vf\/wp-content\/uploads\/2010\/12\/sablesnoel.jpg 760w\" sizes=\"(max-width: 300px) 100vw, 300px\" \/><span class=\"overlay\"><span class=\"overlay-a\">Biscuits de No\u00ebl<\/span><\/span><\/a><\/div>\n\t\t\t\t\t\t\t\t\t\t\t\t<div class=\"slide\"><a href=\"https:\/\/cnz.to\/vf\/recettes\/pates\/gratin-lumaconi-farcis-courge-butternut-chataignes-recette\/\"><img width=\"300\" height=\"200\" src=\"https:\/\/cnz.to\/vf\/wp-content\/uploads\/2016\/12\/lumaconi_h-300x200.jpg\" class=\"attachment-post-thumbnail size-post-thumbnail wp-post-image\" alt=\"Lumaconi farcis, courge butternut et ch\u00e2taigne\" loading=\"lazy\" srcset=\"https:\/\/cnz.to\/vf\/wp-content\/uploads\/2016\/12\/lumaconi_h-300x200.jpg 300w, https:\/\/cnz.to\/vf\/wp-content\/uploads\/2016\/12\/lumaconi_h.jpg 760w, https:\/\/cnz.to\/vf\/wp-content\/uploads\/2016\/12\/lumaconi_h-355x237.jpg 355w, https:\/\/cnz.to\/vf\/wp-content\/uploads\/2016\/12\/lumaconi_h-600x400.jpg 600w\" sizes=\"(max-width: 300px) 100vw, 300px\" \/><span class=\"overlay\"><span class=\"overlay-a\">Gratin de lumaconi farcis, courge butternut et ch\u00e2taignes<\/span><\/span><\/a><\/div>\n\t\t\t\t\t\t\t\t\t\t\t\t<div class=\"slide\"><a href=\"https:\/\/cnz.to\/vf\/recettes\/vegetarien\/batch-cooking-vegetarien-hiver\/\"><img width=\"300\" height=\"200\" src=\"https:\/\/cnz.to\/vf\/wp-content\/uploads\/2018\/01\/batch-cooking-winter-300x200.jpg\" class=\"attachment-post-thumbnail size-post-thumbnail wp-post-image\" alt=\"Batch-cooking v\u00e9g\u00e9tarien pour l&#039;hiver\" loading=\"lazy\" srcset=\"https:\/\/cnz.to\/vf\/wp-content\/uploads\/2018\/01\/batch-cooking-winter-300x200.jpg 300w, https:\/\/cnz.to\/vf\/wp-content\/uploads\/2018\/01\/batch-cooking-winter.jpg 760w, https:\/\/cnz.to\/vf\/wp-content\/uploads\/2018\/01\/batch-cooking-winter-355x237.jpg 355w, https:\/\/cnz.to\/vf\/wp-content\/uploads\/2018\/01\/batch-cooking-winter-600x400.jpg 600w\" sizes=\"(max-width: 300px) 100vw, 300px\" \/><span class=\"overlay\"><span class=\"overlay-a\">Batch cooking v\u00e9g\u00e9tarien pour l\u2019hiver\u00a0: 1h30 de pr\u00e9paration, 6 repas\u00a0!<\/span><\/span><\/a><\/div>\n\t\t\t\t\t\t\t\t\t\t\t<\/div>\n\t\t\t\t<\/div>\n\t\t\t<\/div>\n\t\t<\/div>\n\t\t\n","protected":false},"excerpt":{"rendered":"<p>Votre message a bien \u00e9t\u00e9 envoy\u00e9. En remerciement pour votre message, puis-je vous offrir mon de saison ? Indispensable pour [&hellip;]<\/p>\n","protected":false},"author":1,"featured_media":0,"parent":20,"menu_order":0,"comment_status":"open","ping_status":"closed","template":"","meta":{"om_disable_all_campaigns":false,"_mi_skip_tracking":false},"acf":[],"yoast_head":"<!-- This site is optimized with the Yoast SEO plugin v19.10 - https:\/\/yoast.com\/wordpress\/plugins\/seo\/ -->\n<title>Merci | Chocolate &amp; Zucchini<\/title>\n<meta name=\"robots\" content=\"index, follow, max-snippet:-1, max-image-preview:large, max-video-preview:-1\" \/>\n<link rel=\"canonical\" href=\"https:\/\/cnz.to\/vf\/contact\/merci\/\" \/>\n<meta property=\"og:locale\" content=\"fr_FR\" \/>\n<meta property=\"og:type\" content=\"article\" \/>\n<meta property=\"og:title\" content=\"Merci | Chocolate &amp; Zucchini\" \/>\n<meta property=\"og:description\" content=\"Votre message a bien \u00e9t\u00e9 envoy\u00e9. En remerciement pour votre message, puis-je vous offrir mon de saison ? Indispensable pour [&hellip;]\" \/>\n<meta property=\"og:url\" content=\"https:\/\/cnz.to\/vf\/contact\/merci\/\" \/>\n<meta property=\"og:site_name\" content=\"Chocolate &amp; Zucchini\" \/>\n<meta property=\"article:publisher\" content=\"https:\/\/www.facebook.com\/choczuc\/\" \/>\n<meta property=\"article:modified_time\" content=\"2017-09-29T13:56:05+00:00\" \/>\n<meta property=\"og:image\" content=\"https:\/\/cnz.to\/vf\/wp-content\/uploads\/2015\/11\/brocoli.jpg\" \/>\n\t<meta property=\"og:image:width\" content=\"427\" \/>\n\t<meta property=\"og:image:height\" content=\"640\" \/>\n\t<meta property=\"og:image:type\" content=\"image\/jpeg\" \/>\n<meta name=\"twitter:card\" content=\"summary_large_image\" \/>\n<meta name=\"twitter:site\" content=\"@clotildenet\" \/>\n<script type=\"application\/ld+json\" class=\"yoast-schema-graph\">{\"@context\":\"https:\/\/schema.org\",\"@graph\":[{\"@type\":\"WebPage\",\"@id\":\"https:\/\/cnz.to\/vf\/contact\/merci\/\",\"url\":\"https:\/\/cnz.to\/vf\/contact\/merci\/\",\"name\":\"Merci | Chocolate &amp; Zucchini\",\"isPartOf\":{\"@id\":\"https:\/\/cnz.to\/vf\/#website\"},\"datePublished\":\"2013-10-13T20:33:13+00:00\",\"dateModified\":\"2017-09-29T13:56:05+00:00\",\"breadcrumb\":{\"@id\":\"https:\/\/cnz.to\/vf\/contact\/merci\/#breadcrumb\"},\"inLanguage\":\"fr-FR\",\"potentialAction\":[{\"@type\":\"ReadAction\",\"target\":[\"https:\/\/cnz.to\/vf\/contact\/merci\/\"]}]},{\"@type\":\"BreadcrumbList\",\"@id\":\"https:\/\/cnz.to\/vf\/contact\/merci\/#breadcrumb\",\"itemListElement\":[{\"@type\":\"ListItem\",\"position\":1,\"name\":\"Home\",\"item\":\"https:\/\/cnz.to\/vf\/\"},{\"@type\":\"ListItem\",\"position\":2,\"name\":\"Contact\",\"item\":\"https:\/\/cnz.to\/vf\/?page_id=20\"},{\"@type\":\"ListItem\",\"position\":3,\"name\":\"Merci\"}]},{\"@type\":\"WebSite\",\"@id\":\"https:\/\/cnz.to\/vf\/#website\",\"url\":\"https:\/\/cnz.to\/vf\/\",\"name\":\"Chocolate &amp; Zucchini\",\"description\":\"Recettes simples et astucieuses au fil des saisons\",\"potentialAction\":[{\"@type\":\"SearchAction\",\"target\":{\"@type\":\"EntryPoint\",\"urlTemplate\":\"https:\/\/cnz.to\/vf\/?s={search_term_string}\"},\"query-input\":\"required name=search_term_string\"}],\"inLanguage\":\"fr-FR\"}]}<\/script>\n<!-- \/ Yoast SEO plugin. -->","yoast_head_json":{"title":"Merci | Chocolate &amp; Zucchini","robots":{"index":"index","follow":"follow","max-snippet":"max-snippet:-1","max-image-preview":"max-image-preview:large","max-video-preview":"max-video-preview:-1"},"canonical":"https:\/\/cnz.to\/vf\/contact\/merci\/","og_locale":"fr_FR","og_type":"article","og_title":"Merci | Chocolate &amp; Zucchini","og_description":"Votre message a bien \u00e9t\u00e9 envoy\u00e9. En remerciement pour votre message, puis-je vous offrir mon de saison ? Indispensable pour [&hellip;]","og_url":"https:\/\/cnz.to\/vf\/contact\/merci\/","og_site_name":"Chocolate &amp; Zucchini","article_publisher":"https:\/\/www.facebook.com\/choczuc\/","article_modified_time":"2017-09-29T13:56:05+00:00","og_image":[{"width":427,"height":640,"url":"https:\/\/cnz.to\/vf\/wp-content\/uploads\/2015\/11\/brocoli.jpg","type":"image\/jpeg"}],"twitter_card":"summary_large_image","twitter_site":"@clotildenet","schema":{"@context":"https:\/\/schema.org","@graph":[{"@type":"WebPage","@id":"https:\/\/cnz.to\/vf\/contact\/merci\/","url":"https:\/\/cnz.to\/vf\/contact\/merci\/","name":"Merci | Chocolate &amp; Zucchini","isPartOf":{"@id":"https:\/\/cnz.to\/vf\/#website"},"datePublished":"2013-10-13T20:33:13+00:00","dateModified":"2017-09-29T13:56:05+00:00","breadcrumb":{"@id":"https:\/\/cnz.to\/vf\/contact\/merci\/#breadcrumb"},"inLanguage":"fr-FR","potentialAction":[{"@type":"ReadAction","target":["https:\/\/cnz.to\/vf\/contact\/merci\/"]}]},{"@type":"BreadcrumbList","@id":"https:\/\/cnz.to\/vf\/contact\/merci\/#breadcrumb","itemListElement":[{"@type":"ListItem","position":1,"name":"Home","item":"https:\/\/cnz.to\/vf\/"},{"@type":"ListItem","position":2,"name":"Contact","item":"https:\/\/cnz.to\/vf\/?page_id=20"},{"@type":"ListItem","position":3,"name":"Merci"}]},{"@type":"WebSite","@id":"https:\/\/cnz.to\/vf\/#website","url":"https:\/\/cnz.to\/vf\/","name":"Chocolate &amp; Zucchini","description":"Recettes simples et astucieuses au fil des saisons","potentialAction":[{"@type":"SearchAction","target":{"@type":"EntryPoint","urlTemplate":"https:\/\/cnz.to\/vf\/?s={search_term_string}"},"query-input":"required name=search_term_string"}],"inLanguage":"fr-FR"}]}},"_links":{"self":[{"href":"https:\/\/cnz.to\/vf\/wp-json\/wp\/v2\/pages\/3205"}],"collection":[{"href":"https:\/\/cnz.to\/vf\/wp-json\/wp\/v2\/pages"}],"about":[{"href":"https:\/\/cnz.to\/vf\/wp-json\/wp\/v2\/types\/page"}],"author":[{"embeddable":true,"href":"https:\/\/cnz.to\/vf\/wp-json\/wp\/v2\/users\/1"}],"replies":[{"embeddable":true,"href":"https:\/\/cnz.to\/vf\/wp-json\/wp\/v2\/comments?post=3205"}],"version-history":[{"count":10,"href":"https:\/\/cnz.to\/vf\/wp-json\/wp\/v2\/pages\/3205\/revisions"}],"predecessor-version":[{"id":10854,"href":"https:\/\/cnz.to\/vf\/wp-json\/wp\/v2\/pages\/3205\/revisions\/10854"}],"up":[{"embeddable":true,"href":"https:\/\/cnz.to\/vf\/wp-json\/wp\/v2\/pages\/20"}],"wp:attachment":[{"href":"https:\/\/cnz.to\/vf\/wp-json\/wp\/v2\/media?parent=3205"}],"curies":[{"name":"wp","href":"https:\/\/api.w.org\/{rel}","templated":true}]}}